
{"id":7549,"date":"2021-11-24T10:36:03","date_gmt":"2021-11-24T10:36:03","guid":{"rendered":"https:\/\/fincaslayes.com\/?post_type=product&#038;p=7549"},"modified":"2022-02-16T10:07:57","modified_gmt":"2022-02-16T10:07:57","slug":"pis-per-vendre-al-carrer-del-cometa-6-barcelona","status":"publish","type":"product","link":"https:\/\/fincaslayes.com\/ca\/producto\/pis-per-vendre-al-carrer-del-cometa-6-barcelona\/","title":{"rendered":"PIS PER VENDRE AL CARRER DEL COMETA 6, BARCELONA"},"content":{"rendered":"<div class=\"container-fluid bgWhite\">\n<div class=\"row\">\n<div class=\"col text-center pt-3 mt-5\">\n<h3 class=\"mt-5\">DETALLS DE L\u2019IMMOBLE<\/h3>\n<\/div>\n<\/div>\n<div class=\"row\">\n<div class=\"container my-5 px-3\">\n<div class=\"row\">\n<div class=\"col\">\n<div class=\"traductor-textarea form-group\">\n<div class=\"textarea-desti col-xs-12 col-sm-6\">\n<ul>\n<li>140 m\u00b2 constru\u00efts<\/li>\n<li>125 m\u00b2 \u00fatils<\/li>\n<li>1 dormitori<\/li>\n<li>1 lavabo<\/li>\n<li>Balc\u00f3<\/li>\n<li>Segona m\u00e0\/Bon estat<\/li>\n<li>Armaris de paret<\/li>\n<li>Any de construcci\u00f3: 1868<\/li>\n<li>Certificaci\u00f3 energ\u00e8tica &#8211; Consum:\u00a0\u00a0(108 kWh\/m\u00b2 any) &#8211; Emissions:\u00a0\u00a0(27 C02\/m\u00b2 any)<\/li>\n<li>Planta 1, exterior<\/li>\n<li>Ubicaci\u00f3: Carrer del Cometa, 6<\/li>\n<li>Planta 1, Porta 1<\/li>\n<li>Barri El G\u00f2tic, Districte Ciutat Vella, Barcelona<\/li>\n<\/ul>\n<\/div>\n<\/div>\n<div class=\"traductor-checkbox form-group\">\n<div class=\"row\">\n<div class=\"col-sm-5\"><\/div>\n<\/div>\n<\/div>\n<p><iframe loading=\"lazy\" style=\"border: 0;\" src=\"https:\/\/www.google.com\/maps\/embed?pb=!1m18!1m12!1m3!1d11974.524428262317!2d2.1704114892247466!3d41.38209876999714!2m3!1f0!2f0!3f0!3m2!1i1024!2i768!4f13.1!3m3!1m2!1s0x12a4a2f8cbdf53a1%3A0x487996495ae28e5e!2sCarrer%20del%20Cometa%2C%206%2C%2008002%20Barcelona!5e0!3m2!1ses!2ses!4v1637745774863!5m2!1ses!2ses\" width=\"600\" height=\"450\" allowfullscreen=\"allowfullscreen\"><\/iframe><\/p>\n<\/div>\n<\/div>\n<\/div>\n<\/div>\n<\/div>\n<div class=\"container-fluid bgBeige text-center\">\n<div class=\"row\">\n<div class=\"container\">\n<div class=\"row\">\n<div class=\"col pt-3 my-5 formularios\">\n<h3 class=\"mt-5\">NECESSITES M\u00c9S INFORMACI\u00d3?<\/h3>\n<p class=\"pt-5 mb-5\">Concerta una visita o sol\u00b7licita m\u00e9s informaci\u00f3 a trav\u00e9s del seg\u00fcent formulari:<\/p>\n\n<div class=\"wpcf7 no-js\" id=\"wpcf7-f2992-o1\" lang=\"ca-ES\" dir=\"ltr\" data-wpcf7-id=\"2992\">\n<div class=\"screen-reader-response\"><p role=\"status\" aria-live=\"polite\" aria-atomic=\"true\"><\/p> <ul><\/ul><\/div>\n<form action=\"\/ca\/wp-json\/wp\/v2\/product\/7549#wpcf7-f2992-o1\" method=\"post\" class=\"wpcf7-form init\" aria-label=\"Formulari de contacte\" novalidate=\"novalidate\" data-status=\"init\">\n<fieldset class=\"hidden-fields-container\"><input type=\"hidden\" name=\"_wpcf7\" value=\"2992\" \/><input type=\"hidden\" name=\"_wpcf7_version\" value=\"6.1.5\" \/><input type=\"hidden\" name=\"_wpcf7_locale\" value=\"ca_ES\" \/><input type=\"hidden\" name=\"_wpcf7_unit_tag\" value=\"wpcf7-f2992-o1\" \/><input type=\"hidden\" name=\"_wpcf7_container_post\" value=\"0\" \/><input type=\"hidden\" name=\"_wpcf7_posted_data_hash\" value=\"\" \/>\n<\/fieldset>\n<fieldset style=\"width: 100%\">\n\t<p><span class=\"wpcf7-form-control-wrap\" data-name=\"your-name\"><input size=\"40\" maxlength=\"400\" class=\"wpcf7-form-control wpcf7-text wpcf7-validates-as-required required\" aria-required=\"true\" aria-invalid=\"false\" placeholder=\"Nom\" value=\"\" type=\"text\" name=\"your-name\" \/><\/span>\n\t<\/p>\n<\/fieldset>\n<fieldset style=\"width: 100%\">\n\t<p><span class=\"wpcf7-form-control-wrap\" data-name=\"your-email\"><input size=\"40\" maxlength=\"400\" class=\"wpcf7-form-control wpcf7-email wpcf7-validates-as-required wpcf7-text wpcf7-validates-as-email required\" aria-required=\"true\" aria-invalid=\"false\" placeholder=\"Email\" value=\"\" type=\"email\" name=\"your-email\" \/><\/span>\n\t<\/p>\n<\/fieldset>\n<fieldset style=\"width: 100%\">\n\t<p><span class=\"wpcf7-form-control-wrap\" data-name=\"your-phone\"><input size=\"40\" maxlength=\"400\" class=\"wpcf7-form-control wpcf7-tel wpcf7-validates-as-required wpcf7-text wpcf7-validates-as-tel required\" aria-required=\"true\" aria-invalid=\"false\" placeholder=\"Tel\u00e8fon\" value=\"\" type=\"tel\" name=\"your-phone\" \/><\/span>\n\t<\/p>\n<\/fieldset>\n<fieldset style=\"width: 100%;\" class=\"legales\">\n\t<p><span class=\"wpcf7-form-control-wrap\" data-name=\"accept-this-1\"><span class=\"wpcf7-form-control wpcf7-acceptance\"><span class=\"wpcf7-list-item\"><label><input type=\"checkbox\" name=\"accept-this-1\" value=\"1\" aria-invalid=\"false\" \/><span class=\"wpcf7-list-item-label\">He llegit i accepto la <a href=\"https:\/\/fincaslayes.com\/politica-de-privacitat\/?lang=ca\">Pol\u00edtica de Privacitat<\/a><\/span><\/label><\/span><\/span><\/span><br \/>\n<input class=\"wpcf7-form-control wpcf7-submit has-spinner\" type=\"submit\" value=\"Enviar\" \/>\n\t<\/p>\n<\/fieldset><div class=\"wpcf7-response-output\" aria-hidden=\"true\"><\/div>\n<\/form>\n<\/div>\n\n<\/div>\n<\/div>\n<\/div>\n<\/div>\n<\/div>\n","protected":false},"excerpt":{"rendered":"<div class=\"container menuCaracteristicas\">\n<div class=\"row\">\n<div class=\"col\"><img decoding=\"async\" src=\"https:\/\/fincaslayes.com\/wp-content\/uploads\/2019\/01\/003-area.svg\" \/><br \/>\n<span class=\"detalle\">140 m<sup>2<\/sup><\/span><\/div>\n<div class=\"col\"><img decoding=\"async\" src=\"https:\/\/fincaslayes.com\/wp-content\/uploads\/2019\/01\/002-bed.svg\" \/><br \/>\n<span class=\"detalle\">1 hab.<\/span><\/div>\n<div class=\"col\"><img decoding=\"async\" src=\"https:\/\/fincaslayes.com\/wp-content\/uploads\/2019\/01\/001-bathroom.svg\" \/><br \/>\n<span class=\"detalle\">1 lavabo<\/span><\/div>\n<div><\/div>\n<\/div>\n<div>Pe\u00e7a molt interessant per la seva ubicaci\u00f3 al costat de Pla\u00e7a Sant Jaume, per la seva marcada identitat cl\u00e0ssica, car\u00e0cter i per la seva multiplicitat d&#8217;usos.<\/div>\n<div>Els presentem un preci\u00f3s local-habitatge reformat: 2 locals en rendibilitat a peu de carrer i habitatge d&#8217;uns 55 m\u00b2 \u00fatils, formant una \u00fanica entitat registral.<\/div>\n<div>Locals en planta baixa.<\/div>\n<div>Habitatge en planta +1<\/div>\n<div>L&#8217;edifici \u00e9s representatiu del g\u00f2tic i es troba en bon estat de conservaci\u00f3.<\/div>\n<div>Quant a l&#8217;actiu que els presentem aquest compta amb reforma que aprofita l&#8217;espai al mil\u00b7l\u00edmetre i que conjuga de manera immillorable la funcionalitat moderna i el bagatge hist\u00f2ric d&#8217;aquesta meravellosa pe\u00e7a: volta catalana, per\u00edmetres en pedra, ma\u00f3 vist.<\/div>\n<div>Tots dos locals es troben operatius i en perfecte estat de conservaci\u00f3, amb negocis rendibles i en actiu. Vingui a visitar-ho!<\/div>\n<div>Import\u00a0comunitat: 26,25\u20ac mensuals<\/div>\n<div>Import IBI: 491,96\u20ac anuals.<\/div>\n<\/div>\n","protected":false},"featured_media":369034,"comment_status":"closed","ping_status":"closed","template":"","meta":{"_et_pb_use_builder":"","_et_pb_old_content":"","_et_gb_content_width":""},"product_brand":[],"product_cat":[46],"product_tag":[],"class_list":{"0":"post-7549","1":"product","2":"type-product","3":"status-publish","4":"has-post-thumbnail","6":"product_cat-venda","8":"first","9":"instock","10":"sale","11":"shipping-taxable","12":"product-type-external"},"_links":{"self":[{"href":"https:\/\/fincaslayes.com\/ca\/wp-json\/wp\/v2\/product\/7549","targetHints":{"allow":["GET"]}}],"collection":[{"href":"https:\/\/fincaslayes.com\/ca\/wp-json\/wp\/v2\/product"}],"about":[{"href":"https:\/\/fincaslayes.com\/ca\/wp-json\/wp\/v2\/types\/product"}],"replies":[{"embeddable":true,"href":"https:\/\/fincaslayes.com\/ca\/wp-json\/wp\/v2\/comments?post=7549"}],"wp:featuredmedia":[{"embeddable":true,"href":"https:\/\/fincaslayes.com\/ca\/wp-json\/wp\/v2\/media\/369034"}],"wp:attachment":[{"href":"https:\/\/fincaslayes.com\/ca\/wp-json\/wp\/v2\/media?parent=7549"}],"wp:term":[{"taxonomy":"product_brand","embeddable":true,"href":"https:\/\/fincaslayes.com\/ca\/wp-json\/wp\/v2\/product_brand?post=7549"},{"taxonomy":"product_cat","embeddable":true,"href":"https:\/\/fincaslayes.com\/ca\/wp-json\/wp\/v2\/product_cat?post=7549"},{"taxonomy":"product_tag","embeddable":true,"href":"https:\/\/fincaslayes.com\/ca\/wp-json\/wp\/v2\/product_tag?post=7549"}],"curies":[{"name":"wp","href":"https:\/\/api.w.org\/{rel}","templated":true}]}}