
{"id":368912,"date":"2021-12-27T15:03:40","date_gmt":"2021-12-27T15:03:40","guid":{"rendered":"https:\/\/fincaslayes.com\/sobre-nosotros\/"},"modified":"2025-03-31T08:35:46","modified_gmt":"2025-03-31T08:35:46","slug":"sobre-nosotros","status":"publish","type":"page","link":"https:\/\/fincaslayes.com\/ca\/sobre-nosotros\/","title":{"rendered":"Sobre Nosaltres"},"content":{"rendered":"<p>[et_pb_section fb_built=&#8221;1&#8243; _builder_version=&#8221;4.16&#8243; _module_preset=&#8221;default&#8221; custom_padding=&#8221;54px||0px|||&#8221; global_colors_info=&#8221;{}&#8221;][et_pb_row _builder_version=&#8221;4.16&#8243; _module_preset=&#8221;default&#8221; max_width=&#8221;80%&#8221; custom_padding=&#8221;129px|||||&#8221; global_colors_info=&#8221;{}&#8221;][et_pb_column type=&#8221;4_4&#8243; _builder_version=&#8221;4.16&#8243; _module_preset=&#8221;default&#8221; global_colors_info=&#8221;{}&#8221;][et_pb_text _builder_version=&#8221;4.16&#8243; _module_preset=&#8221;default&#8221; header_font=&#8221;|300|||||||&#8221; header_text_color=&#8221;#00243a&#8221; header_font_size=&#8221;40px&#8221; custom_margin=&#8221;||29px|||&#8221; global_colors_info=&#8221;{}&#8221;]<\/p>\n<h1 style=\"text-align: center;\"><span>SOBRE NOSALTRES<\/span><\/h1>\n<p>[\/et_pb_text][\/et_pb_column][\/et_pb_row][\/et_pb_section][et_pb_section fb_built=&#8221;1&#8243; _builder_version=&#8221;4.16&#8243; _module_preset=&#8221;default&#8221; custom_padding=&#8221;0px|||||&#8221; global_colors_info=&#8221;{}&#8221;][et_pb_row column_structure=&#8221;1_3,1_3,1_3&#8243; use_custom_gutter=&#8221;on&#8221; gutter_width=&#8221;2&#8243; make_equal=&#8221;on&#8221; _builder_version=&#8221;4.16&#8243; _module_preset=&#8221;default&#8221; max_width=&#8221;70%&#8221; custom_padding=&#8221;||6px|||&#8221; global_colors_info=&#8221;{}&#8221;][et_pb_column type=&#8221;1_3&#8243; _builder_version=&#8221;4.16&#8243; _module_preset=&#8221;default&#8221; background_image=&#8221;https:\/\/fincaslayes.com\/wp-content\/uploads\/2019\/01\/slider-historia-02.jpg&#8221; background_position=&#8221;top_right&#8221; global_colors_info=&#8221;{}&#8221;][\/et_pb_column][et_pb_column type=&#8221;1_3&#8243; _builder_version=&#8221;4.16&#8243; _module_preset=&#8221;default&#8221; background_color=&#8221;#002941&#8243; custom_padding=&#8221;45px|3%|45px|3%|false|true&#8221; custom_padding_tablet=&#8221;|10%||10%|false|true&#8221; custom_padding_phone=&#8221;|10%||10%|false|true&#8221; custom_padding_last_edited=&#8221;on|tablet&#8221; custom_css_main_element=&#8221;height: 403px!important;||display: flex;||flex-direction: column;||justify-content: center;&#8221; global_colors_info=&#8221;{}&#8221;][et_pb_text _builder_version=&#8221;4.16&#8243; _module_preset=&#8221;default&#8221; header_2_text_color=&#8221;#FFFFFF&#8221; global_colors_info=&#8221;{}&#8221;]<\/p>\n<h2>LA NOSTRA HIST\u00d2RIA<\/h2>\n<p>[\/et_pb_text][et_pb_text _builder_version=&#8221;4.16&#8243; _module_preset=&#8221;default&#8221; text_text_color=&#8221;#FFFFFF&#8221; global_colors_info=&#8221;{}&#8221;]<span>Hem vist molts habitatges com per a saber que les cases no es comencen per la teulada. Descobreix com constru\u00efm la nostra.<br \/>\n<\/span>[\/et_pb_text][\/et_pb_column][et_pb_column type=&#8221;1_3&#8243; _builder_version=&#8221;4.16&#8243; _module_preset=&#8221;default&#8221; background_color=&#8221;#bec8bf&#8221; custom_padding=&#8221;45px|3%|45px|3%|false|true&#8221; custom_padding_tablet=&#8221;|10%||10%|false|true&#8221; custom_padding_phone=&#8221;|10%||10%|false|true&#8221; custom_padding_last_edited=&#8221;on|tablet&#8221; custom_css_main_element=&#8221;height: 403px!important;||display: flex;||flex-direction: column;||justify-content: center;&#8221; global_colors_info=&#8221;{}&#8221;][et_pb_text _builder_version=&#8221;4.16&#8243; _module_preset=&#8221;default&#8221; text_text_color=&#8221;#002941&#8243; global_colors_info=&#8221;{}&#8221;]<\/p>\n<p><span>Administraci\u00f3n Fincas Layes S.L, es va fundar l&#8217;any 1963 pels germans Francisco Folch Trepat i Carlos Folch Trepat, dos advocats de reputaci\u00f3 consolidada de Barcelona, a la qual posteriorment s&#8217;uniria Jose Maria Lucaya Casals com a accionista de la Societat.<\/span><\/p>\n<p>[\/et_pb_text][\/et_pb_column][\/et_pb_row][et_pb_row column_structure=&#8221;1_3,1_3,1_3&#8243; use_custom_gutter=&#8221;on&#8221; gutter_width=&#8221;2&#8243; make_equal=&#8221;on&#8221; _builder_version=&#8221;4.16&#8243; _module_preset=&#8221;default&#8221; max_width=&#8221;70%&#8221; custom_padding=&#8221;||6px|||&#8221; global_colors_info=&#8221;{}&#8221;][et_pb_column type=&#8221;1_3&#8243; _builder_version=&#8221;4.16&#8243; _module_preset=&#8221;default&#8221; background_color=&#8221;#002941&#8243; custom_padding=&#8221;45px|3%|45px|3%|false|true&#8221; custom_padding_tablet=&#8221;|10%||10%|false|true&#8221; custom_padding_phone=&#8221;|10%||10%|false|true&#8221; custom_padding_last_edited=&#8221;on|tablet&#8221; custom_css_main_element=&#8221;height: 403px!important;||display: flex;||flex-direction: column;||justify-content: center;&#8221; global_colors_info=&#8221;{}&#8221;][et_pb_text _builder_version=&#8221;4.16&#8243; _module_preset=&#8221;default&#8221; text_text_color=&#8221;#FFFFFF&#8221; global_colors_info=&#8221;{}&#8221;]<\/p>\n<p><span>Vam comen\u00e7ar en unes petites oficines situades al carrer Balmes n\u00famero 205. A mesura que va anar creixent i adquirint finques per a administrar es va traslladar al carrer Balmes n\u00famero 357, 5\u00e8 fins a arribar on estem ara, en el mateix carrer Balmes n\u00famero 357 \u00e0tic.<\/span><\/p>\n<p>[\/et_pb_text][\/et_pb_column][et_pb_column type=&#8221;1_3&#8243; _builder_version=&#8221;4.16&#8243; _module_preset=&#8221;default&#8221; background_image=&#8221;https:\/\/fincaslayes.com\/wp-content\/uploads\/2019\/01\/slider-historia-03.jpg&#8221; background_position=&#8221;top_right&#8221; global_colors_info=&#8221;{}&#8221;][\/et_pb_column][et_pb_column type=&#8221;1_3&#8243; _builder_version=&#8221;4.16&#8243; _module_preset=&#8221;default&#8221; background_color=&#8221;#002941&#8243; custom_padding=&#8221;45px|3%|45px|3%|false|true&#8221; custom_padding_tablet=&#8221;|10%||10%|false|true&#8221; custom_padding_phone=&#8221;|10%||10%|false|true&#8221; custom_padding_last_edited=&#8221;on|tablet&#8221; custom_css_main_element=&#8221;height: 403px!important;||display: flex;||flex-direction: column;||justify-content: center;&#8221; global_colors_info=&#8221;{}&#8221;][et_pb_text _builder_version=&#8221;4.16&#8243; _module_preset=&#8221;default&#8221; text_text_color=&#8221;#FFFFFF&#8221; global_colors_info=&#8221;{}&#8221;]<\/p>\n<p><span>Actualment hem obert un local situat al carrer Balmes n\u00famero 350, dotat d&#8217;unes instal\u00b7lacions i estructures avantguardistes, preparades per a donar un bon i millor servei als nostres clients.<\/span><\/p>\n<p>[\/et_pb_text][\/et_pb_column][\/et_pb_row][et_pb_row column_structure=&#8221;1_3,1_3,1_3&#8243; use_custom_gutter=&#8221;on&#8221; gutter_width=&#8221;2&#8243; make_equal=&#8221;on&#8221; _builder_version=&#8221;4.16&#8243; _module_preset=&#8221;default&#8221; max_width=&#8221;70%&#8221; custom_padding=&#8221;||6px|||&#8221; global_colors_info=&#8221;{}&#8221;][et_pb_column type=&#8221;1_3&#8243; _builder_version=&#8221;4.16&#8243; _module_preset=&#8221;default&#8221; background_image=&#8221;https:\/\/fincaslayes.com\/wp-content\/uploads\/2019\/01\/slider-historia-04.jpg&#8221; background_position=&#8221;top_right&#8221; global_colors_info=&#8221;{}&#8221;][\/et_pb_column][et_pb_column type=&#8221;1_3&#8243; _builder_version=&#8221;4.16&#8243; _module_preset=&#8221;default&#8221; background_color=&#8221;#bec8bf&#8221; custom_padding=&#8221;45px|3%|45px|3%|false|true&#8221; custom_padding_tablet=&#8221;|10%||10%|false|true&#8221; custom_padding_phone=&#8221;|10%||10%|false|true&#8221; custom_padding_last_edited=&#8221;on|tablet&#8221; custom_css_main_element=&#8221;height: 403px!important;||display: flex;||flex-direction: column;||justify-content: center;&#8221; global_colors_info=&#8221;{}&#8221;][et_pb_text _builder_version=&#8221;4.16&#8243; _module_preset=&#8221;default&#8221; text_text_color=&#8221;#002941&#8243; global_colors_info=&#8221;{}&#8221;]<\/p>\n<p><span><br \/>Un pas m\u00e9s de Fincas Layes per a acostar-nos encara m\u00e9s si cap als nostres clients i potenciar el nostre departament de lloguers i vendes.<br \/><\/span><\/p>\n<p><span>Layes<\/span><span>\u00a0gestiona l&#8217;administraci\u00f3 de m\u00e9s de 400 finques en r\u00e8gim de propietat horitzontal i m\u00e9s de 2.000 entitats en r\u00e8gim de propietat vertical.<\/span><\/p>\n<p>[\/et_pb_text][\/et_pb_column][et_pb_column type=&#8221;1_3&#8243; _builder_version=&#8221;4.16&#8243; _module_preset=&#8221;default&#8221; background_image=&#8221;https:\/\/fincaslayes.com\/wp-content\/uploads\/2019\/01\/slider-historia-05.jpg&#8221; background_position=&#8221;top_right&#8221; global_colors_info=&#8221;{}&#8221;][\/et_pb_column][\/et_pb_row][\/et_pb_section][et_pb_section fb_built=&#8221;1&#8243; custom_padding_last_edited=&#8221;on|tablet&#8221; admin_label=&#8221;Open Arms Person &#8211; Tina&#8221; module_class=&#8221;tina_person_call_it tina_person_module_open_arms&#8221; _builder_version=&#8221;4.16&#8243; background_color=&#8221;#f4f4f4&#8243; custom_padding=&#8221;0px||98px||false|false&#8221; custom_padding_tablet=&#8221;40px||20px||false|false&#8221; custom_padding_phone=&#8221;40px||40px||false|false&#8221; collapsed=&#8221;off&#8221; global_colors_info=&#8221;{}&#8221;][et_pb_row _builder_version=&#8221;4.16&#8243; _module_preset=&#8221;default&#8221; max_width=&#8221;80%&#8221; custom_padding=&#8221;||0px|||&#8221; global_colors_info=&#8221;{}&#8221;][et_pb_column type=&#8221;4_4&#8243; _builder_version=&#8221;4.16&#8243; _module_preset=&#8221;default&#8221; global_colors_info=&#8221;{}&#8221;][et_pb_text _builder_version=&#8221;4.16&#8243; _module_preset=&#8221;default&#8221; text_text_color=&#8221;#00243a&#8221; text_font_size=&#8221;16px&#8221; header_font=&#8221;|300|||||||&#8221; header_text_color=&#8221;#00243a&#8221; header_font_size=&#8221;35px&#8221; header_2_font=&#8221;|300|||||||&#8221; header_2_text_color=&#8221;#00243a&#8221; text_orientation=&#8221;center&#8221; custom_margin=&#8221;||29px|||&#8221; global_colors_info=&#8221;{}&#8221;]<\/p>\n<h2 style=\"text-align: center;\"><span>QUI SOM<\/span><\/h2>\n<p>El nostre equip est\u00e0 format per professionals especialitzats en el sector immobiliari des del primer dia fins avui.[\/et_pb_text][\/et_pb_column][\/et_pb_row][et_pb_row _builder_version=&#8221;4.16&#8243; _module_preset=&#8221;default&#8221; width=&#8221;95%&#8221; max_width=&#8221;95%&#8221; global_colors_info=&#8221;{}&#8221;][et_pb_column type=&#8221;4_4&#8243; _builder_version=&#8221;4.16&#8243; _module_preset=&#8221;default&#8221; global_colors_info=&#8221;{}&#8221;][et_pb_text _builder_version=&#8221;4.27.2&#8243; _module_preset=&#8221;default&#8221; text_text_color=&#8221;#002a42&#8243; text_orientation=&#8221;center&#8221; global_colors_info=&#8221;{}&#8221; text_text_color__hover_enabled=&#8221;off|desktop&#8221; text_text_color__hover=&#8221;#c39f76&#8243;]<\/p>\n<ul class=\"list-group list-group-horizontal\">\n<li id=\"divgerentec\" onclick=\"clickBTN('#divgerente')\" class=\"list-group-item selected\" style=\"text-align: center;\"><span>DIRECCI\u00d3<\/span><\/li>\n<li id=\"divgestiondelapropiedadvc\" onclick=\"clickBTN('#divgestiondelapropiedadv')\" class=\"list-group-item\" style=\"text-align: center;\"><span>GESTI\u00d3 DE LA PROPIETAT VERTICAL<\/span><\/li>\n<li id=\"divdepartamentodealquileresyventasc\" onclick=\"clickBTN('#divdepartamentodealquileresyventas')\" class=\"list-group-item\" style=\"text-align: center;\"><span>DEPARTAMENT DE LLOGUERS I VENDES<\/span><\/li>\n<li id=\"divgestiondelapropiedadhc\" onclick=\"clickBTN('#divgestiondelapropiedadh')\" class=\"list-group-item\" style=\"text-align: center;\"><span>GESTI\u00d3 DE LA PROPIETAT HORITZONTAL<\/span><\/li>\n<li id=\"divadministracionc\" onclick=\"clickBTN('#divadministracion')\" class=\"list-group-item\" style=\"text-align: center;\">ADMINISTRACI\u00d3<\/li>\n<li id=\"divasesoramientocontablec\" onclick=\"clickBTN('#divasesoramientocontable')\" class=\"list-group-item\" style=\"text-align: center;\"><span>DEPARAMENT DE COMPTABILITAT I CAIXA<\/span><\/li>\n<li id=\"divrecursoslaboralesc\" onclick=\"clickBTN('#divrecursoslaborales')\" class=\"list-group-item\" style=\"text-align: center;\"><span>RECURSOS LABORALS<\/span><\/li>\n<\/ul>\n<p>[\/et_pb_text][\/et_pb_column][\/et_pb_row][et_pb_row column_structure=&#8221;1_3,1_3,1_3&#8243; use_custom_gutter=&#8221;on&#8221; gutter_width=&#8221;2&#8243; admin_label=&#8221;Open Arms Person &#8211; Tina &#8211; Row&#8221; module_id=&#8221;divgerente&#8221; _builder_version=&#8221;4.16&#8243; width=&#8221;90%&#8221; custom_padding=&#8221;36px||||false|false&#8221; collapsed=&#8221;off&#8221; global_colors_info=&#8221;{}&#8221;][et_pb_column type=&#8221;1_3&#8243; _builder_version=&#8221;4.16&#8243; custom_css_main_element=&#8221;    width: 31.7% !important;||    margin-right: 2.4% !important;&#8221; global_colors_info=&#8221;{}&#8221;][\/et_pb_column][et_pb_column type=&#8221;1_3&#8243; _builder_version=&#8221;4.16&#8243; custom_css_main_element=&#8221;    width: 31.7% !important;||    margin-right: 2.4% !important;&#8221; global_colors_info=&#8221;{}&#8221;][et_pb_team_member name=&#8221;Carlos Folch Aguilar&#8221; position=&#8221;Director&#8221; image_url=&#8221;https:\/\/fincaslayes.com\/wp-content\/uploads\/2024\/10\/VK01-FQLAYES.jpg&#8221; icon_color=&#8221;#ffffff&#8221; use_icon_font_size=&#8221;on&#8221; admin_label=&#8221;Open Arms Person &#8211; Tina &#8211; Person &#8211; image 566&#215;849&#8243; _builder_version=&#8221;4.27.2&#8243; header_font=&#8221;||||||||&#8221; header_text_color=&#8221;#ffffff&#8221; header_font_size=&#8221;31px&#8221; header_line_height=&#8221;120%&#8221; position_font=&#8221;||||||||&#8221; position_text_color=&#8221;#ffffff&#8221; position_font_size=&#8221;16px&#8221; position_line_height=&#8221;120%&#8221; link_option_url=&#8221;#&#8221; header_font_size_tablet=&#8221;28px&#8221; header_font_size_phone=&#8221;24px&#8221; header_font_size_last_edited=&#8221;on|phone&#8221; custom_css_before=&#8221;content: %22%22;||    display: block;||    background: rgba(0,42,66,0.85);||    position: absolute;||    width: 100%;||    height: 100%;||    top: 0;||    left: 0;||    z-index: 10;||    transition: 0.3s;||    transform-origin: top center;||    transform: scaleY(0);||   transition-delay: 0.3s;&#8221; custom_css_main_element=&#8221;    overflow: hidden;||position: relative;&#8221; custom_css_member_image=&#8221;    max-width: 100%;||    margin: 0 !important;&#8221; custom_css_member_description=&#8221;font-weight: 400;||    position: absolute;||    top: 0;||    width: 100%;||z-index: 15;||    padding: 37px 36px 0 !important;||    transform: translate(0px, -102%);||    transition: 0.3s;||&#8221; custom_css_title=&#8221;font-weight: 400;&#8221; custom_css_member_social_links=&#8221;    position: absolute;||     top: auto;||    bottom: 12px;||    right: 21px;||    z-index: 15;||margin-top: 0;||    transform: translate(162%, 0);||    transition: 0.3s;||&#8221; global_colors_info=&#8221;{}&#8221;][\/et_pb_team_member][\/et_pb_column][et_pb_column type=&#8221;1_3&#8243; _builder_version=&#8221;4.16&#8243; custom_css_main_element=&#8221;    width: 31.7% !important;||&#8221; global_colors_info=&#8221;{}&#8221;][\/et_pb_column][\/et_pb_row][et_pb_row column_structure=&#8221;1_3,1_3,1_3&#8243; use_custom_gutter=&#8221;on&#8221; gutter_width=&#8221;2&#8243; admin_label=&#8221;Open Arms Person &#8211; Tina &#8211; Row&#8221; module_id=&#8221;divgestiondelapropiedadv&#8221; _builder_version=&#8221;4.16&#8243; width=&#8221;90%&#8221; custom_padding=&#8221;36px||||false|false&#8221; collapsed=&#8221;off&#8221; global_colors_info=&#8221;{}&#8221;][et_pb_column type=&#8221;1_3&#8243; _builder_version=&#8221;4.16&#8243; custom_css_main_element=&#8221;    width: 31.7% !important;||    margin-right: 2.4% !important;&#8221; global_colors_info=&#8221;{}&#8221;][et_pb_team_member name=&#8221;Josep Maria Lucaya Casals&#8221; position=&#8221;Gesti\u00f3 de la Propietat Vertical&#8221; image_url=&#8221;https:\/\/fincaslayes.com\/wp-content\/uploads\/2019\/01\/josemaria.jpg&#8221; icon_color=&#8221;#ffffff&#8221; use_icon_font_size=&#8221;on&#8221; admin_label=&#8221;Open Arms Person &#8211; Tina &#8211; Person &#8211; image 566&#215;849&#8243; _builder_version=&#8221;4.16&#8243; header_font=&#8221;||||||||&#8221; header_text_color=&#8221;#ffffff&#8221; header_font_size=&#8221;31px&#8221; header_line_height=&#8221;120%&#8221; position_font=&#8221;||||||||&#8221; position_text_color=&#8221;#ffffff&#8221; position_font_size=&#8221;16px&#8221; position_line_height=&#8221;120%&#8221; link_option_url=&#8221;#&#8221; header_font_size_tablet=&#8221;28px&#8221; header_font_size_phone=&#8221;24px&#8221; header_font_size_last_edited=&#8221;on|phone&#8221; custom_css_before=&#8221;content: %22%22;||    display: block;||    background: rgba(0,42,66,0.85);||    position: absolute;||    width: 100%;||    height: 100%;||    top: 0;||    left: 0;||    z-index: 10;||    transition: 0.3s;||    transform-origin: top center;||    transform: scaleY(0);||   transition-delay: 0.3s;&#8221; custom_css_main_element=&#8221;    overflow: hidden;||position: relative;&#8221; custom_css_member_image=&#8221;    max-width: 100%;||    margin: 0 !important;&#8221; custom_css_member_description=&#8221;font-weight: 400;||    position: absolute;||    top: 0;||    width: 100%;||z-index: 15;||    padding: 37px 36px 0 !important;||    transform: translate(0px, -102%);||    transition: 0.3s;||&#8221; custom_css_title=&#8221;font-weight: 400;&#8221; custom_css_member_social_links=&#8221;    position: absolute;||     top: auto;||    bottom: 12px;||    right: 21px;||    z-index: 15;||margin-top: 0;||    transform: translate(162%, 0);||    transition: 0.3s;||&#8221; global_colors_info=&#8221;{}&#8221;][\/et_pb_team_member][\/et_pb_column][et_pb_column type=&#8221;1_3&#8243; _builder_version=&#8221;4.16&#8243; custom_css_main_element=&#8221;    width: 31.7% !important;||    margin-right: 2.4% !important;&#8221; global_colors_info=&#8221;{}&#8221;][et_pb_team_member name=&#8221;Vanessa del Arco Castell\u00f3&#8221; position=&#8221;Gesti\u00f3 de la Propietat Vertical i Patrimoni. Adjunta a Direcci\u00f3.&#8221; image_url=&#8221;https:\/\/fincaslayes.com\/wp-content\/uploads\/2024\/11\/Imagen-de-WhatsApp-2024-11-21-a-las-14.37.01_c6c6b7e0.jpg&#8221; icon_color=&#8221;#ffffff&#8221; use_icon_font_size=&#8221;on&#8221; admin_label=&#8221;Open Arms Person &#8211; Tina &#8211; Person &#8211; image 566&#215;849&#8243; _builder_version=&#8221;4.27.3&#8243; header_font=&#8221;||||||||&#8221; header_text_color=&#8221;#ffffff&#8221; header_font_size=&#8221;31px&#8221; header_line_height=&#8221;120%&#8221; position_font=&#8221;||||||||&#8221; position_text_color=&#8221;#ffffff&#8221; position_font_size=&#8221;16px&#8221; position_line_height=&#8221;120%&#8221; link_option_url=&#8221;#&#8221; header_font_size_tablet=&#8221;28px&#8221; header_font_size_phone=&#8221;24px&#8221; header_font_size_last_edited=&#8221;on|phone&#8221; custom_css_before=&#8221;content: %22%22;||    display: block;||    background: rgba(0,42,66,0.85);||    position: absolute;||    width: 100%;||    height: 100%;||    top: 0;||    left: 0;||    z-index: 10;||    transition: 0.3s;||    transform-origin: top center;||    transform: scaleY(0);||   transition-delay: 0.3s;&#8221; custom_css_main_element=&#8221;    overflow: hidden;||position: relative;&#8221; custom_css_member_image=&#8221;    max-width: 93.6%;||    margin: 0 !important;&#8221; custom_css_member_description=&#8221;font-weight: 400;||    position: absolute;||    top: 0;||    width: 100%;||z-index: 15;||    padding: 37px 36px 0 !important;||    transform: translate(0px, -102%);||    transition: 0.3s;||&#8221; custom_css_title=&#8221;font-weight: 400;&#8221; custom_css_member_social_links=&#8221;    position: absolute;||     top: auto;||    bottom: 12px;||    right: 21px;||    z-index: 15;||margin-top: 0;||    transform: translate(162%, 0);||    transition: 0.3s;||&#8221; global_colors_info=&#8221;{}&#8221;][\/et_pb_team_member][\/et_pb_column][et_pb_column type=&#8221;1_3&#8243; _builder_version=&#8221;4.16&#8243; custom_css_main_element=&#8221;    width: 31.7% !important;||&#8221; global_colors_info=&#8221;{}&#8221;][et_pb_team_member name=&#8221;Yolanda Arnau&#8221; position=&#8221;Gesti\u00f3 de la Propietat Vertical&#8221; image_url=&#8221;https:\/\/fincaslayes.com\/wp-content\/uploads\/2023\/05\/Captura-de-pantalla-2023-05-10-a-las-10.34.05.png&#8221; icon_color=&#8221;#ffffff&#8221; use_icon_font_size=&#8221;on&#8221; admin_label=&#8221;Open Arms Person &#8211; Tina &#8211; Person &#8211; image 566&#215;849&#8243; _builder_version=&#8221;4.27.3&#8243; header_font=&#8221;||||||||&#8221; header_text_color=&#8221;#ffffff&#8221; header_font_size=&#8221;31px&#8221; header_line_height=&#8221;120%&#8221; position_font=&#8221;||||||||&#8221; position_text_color=&#8221;#ffffff&#8221; position_font_size=&#8221;16px&#8221; position_line_height=&#8221;120%&#8221; link_option_url=&#8221;#&#8221; header_font_size_tablet=&#8221;28px&#8221; header_font_size_phone=&#8221;24px&#8221; header_font_size_last_edited=&#8221;on|phone&#8221; custom_css_before=&#8221;content: %22%22;||    display: block;||    background: rgba(0,42,66,0.85);||    position: absolute;||    width: 100%;||    height: 100%;||    top: 0;||    left: 0;||    z-index: 10;||    transition: 0.3s;||    transform-origin: top center;||    transform: scaleY(0);||   transition-delay: 0.3s;&#8221; custom_css_main_element=&#8221;    overflow: hidden;||position: relative;&#8221; custom_css_member_image=&#8221;    max-width: 99%;||    margin: 0 !important;&#8221; custom_css_member_description=&#8221;font-weight: 400;||    position: absolute;||    top: 0;||    width: 100%;||z-index: 15;||    padding: 37px 36px 0 !important;||    transform: translate(0px, -102%);||    transition: 0.3s;||&#8221; custom_css_title=&#8221;font-weight: 400;&#8221; custom_css_member_social_links=&#8221;    position: absolute;||     top: auto;||    bottom: 12px;||    right: 21px;||    z-index: 15;||margin-top: 0;||    transform: translate(162%, 0);||    transition: 0.3s;||&#8221; global_colors_info=&#8221;{}&#8221;][\/et_pb_team_member][\/et_pb_column][\/et_pb_row][et_pb_row column_structure=&#8221;1_3,1_3,1_3&#8243; use_custom_gutter=&#8221;on&#8221; gutter_width=&#8221;2&#8243; admin_label=&#8221;Open Arms Person &#8211; Tina &#8211; Row&#8221; module_id=&#8221;divdepartamentodealquileresyventas&#8221; _builder_version=&#8221;4.16&#8243; width=&#8221;90%&#8221; custom_padding=&#8221;36px||||false|false&#8221; collapsed=&#8221;off&#8221; global_colors_info=&#8221;{}&#8221;][et_pb_column type=&#8221;1_3&#8243; _builder_version=&#8221;4.16&#8243; custom_css_main_element=&#8221;    width: 31.7% !important;||    margin-right: 2.4% !important;&#8221; global_colors_info=&#8221;{}&#8221;][et_pb_team_member name=&#8221;Miguel \u00c1ngel Grajea Rodr\u00edguez&#8221; position=&#8221;Departament de Lloguers i Vendes&#8221; image_url=&#8221;https:\/\/fincaslayes.com\/wp-content\/uploads\/2019\/01\/miguelangel.jpg&#8221; icon_color=&#8221;#ffffff&#8221; use_icon_font_size=&#8221;on&#8221; admin_label=&#8221;Open Arms Person &#8211; Tina &#8211; Person &#8211; image 566&#215;849&#8243; _builder_version=&#8221;4.27.2&#8243; header_font=&#8221;||||||||&#8221; header_text_color=&#8221;#ffffff&#8221; header_font_size=&#8221;31px&#8221; header_line_height=&#8221;120%&#8221; position_font=&#8221;||||||||&#8221; position_text_color=&#8221;#ffffff&#8221; position_font_size=&#8221;16px&#8221; position_line_height=&#8221;120%&#8221; link_option_url=&#8221;#&#8221; header_font_size_tablet=&#8221;28px&#8221; header_font_size_phone=&#8221;24px&#8221; header_font_size_last_edited=&#8221;on|phone&#8221; custom_css_before=&#8221;content: %22%22;||    display: block;||    background: rgba(0,42,66,0.85);||    position: absolute;||    width: 100%;||    height: 100%;||    top: 0;||    left: 0;||    z-index: 10;||    transition: 0.3s;||    transform-origin: top center;||    transform: scaleY(0);||   transition-delay: 0.3s;&#8221; custom_css_main_element=&#8221;    overflow: hidden;||position: relative;&#8221; custom_css_member_image=&#8221;    max-width: 100%;||    margin: 0 !important;&#8221; custom_css_member_description=&#8221;font-weight: 400;||    position: absolute;||    top: 0;||    width: 100%;||z-index: 15;||    padding: 37px 36px 0 !important;||    transform: translate(0px, -102%);||    transition: 0.3s;||&#8221; custom_css_title=&#8221;font-weight: 400;&#8221; custom_css_member_social_links=&#8221;    position: absolute;||     top: auto;||    bottom: 12px;||    right: 21px;||    z-index: 15;||margin-top: 0;||    transform: translate(162%, 0);||    transition: 0.3s;||&#8221; global_colors_info=&#8221;{}&#8221;][\/et_pb_team_member][\/et_pb_column][et_pb_column type=&#8221;1_3&#8243; _builder_version=&#8221;4.16&#8243; custom_css_main_element=&#8221;    width: 31.7% !important;||    margin-right: 2.4% !important;&#8221; global_colors_info=&#8221;{}&#8221;][et_pb_team_member name=&#8221;Pau Lucaya Montes&#8221; position=&#8221;Departament de Lloguers i Vendes&#8221; image_url=&#8221;https:\/\/fincaslayes.com\/wp-content\/uploads\/2019\/01\/pau.jpg&#8221; icon_color=&#8221;#ffffff&#8221; use_icon_font_size=&#8221;on&#8221; admin_label=&#8221;Open Arms Person &#8211; Tina &#8211; Person &#8211; image 566&#215;849&#8243; _builder_version=&#8221;4.16&#8243; header_font=&#8221;||||||||&#8221; header_text_color=&#8221;#ffffff&#8221; header_font_size=&#8221;31px&#8221; header_line_height=&#8221;120%&#8221; position_font=&#8221;||||||||&#8221; position_text_color=&#8221;#ffffff&#8221; position_font_size=&#8221;16px&#8221; position_line_height=&#8221;120%&#8221; link_option_url=&#8221;#&#8221; header_font_size_tablet=&#8221;28px&#8221; header_font_size_phone=&#8221;24px&#8221; header_font_size_last_edited=&#8221;on|phone&#8221; custom_css_before=&#8221;content: %22%22;||    display: block;||    background: rgba(0,42,66,0.85);||    position: absolute;||    width: 100%;||    height: 100%;||    top: 0;||    left: 0;||    z-index: 10;||    transition: 0.3s;||    transform-origin: top center;||    transform: scaleY(0);||   transition-delay: 0.3s;&#8221; custom_css_main_element=&#8221;    overflow: hidden;||position: relative;&#8221; custom_css_member_image=&#8221;    max-width: 100%;||    margin: 0 !important;&#8221; custom_css_member_description=&#8221;font-weight: 400;||    position: absolute;||    top: 0;||    width: 100%;||z-index: 15;||    padding: 37px 36px 0 !important;||    transform: translate(0px, -102%);||    transition: 0.3s;||&#8221; custom_css_title=&#8221;font-weight: 400;&#8221; custom_css_member_social_links=&#8221;    position: absolute;||     top: auto;||    bottom: 12px;||    right: 21px;||    z-index: 15;||margin-top: 0;||    transform: translate(162%, 0);||    transition: 0.3s;||&#8221; global_colors_info=&#8221;{}&#8221;][\/et_pb_team_member][\/et_pb_column][et_pb_column type=&#8221;1_3&#8243; _builder_version=&#8221;4.16&#8243; custom_css_main_element=&#8221;    width: 31.7% !important;||&#8221; global_colors_info=&#8221;{}&#8221;][et_pb_team_member name=&#8221;Carme Pons i Compte&#8221; position=&#8221;Departament de Lloguers i Vendes&#8221; image_url=&#8221;https:\/\/fincaslayes.com\/wp-content\/uploads\/2019\/01\/carmen.jpg&#8221; icon_color=&#8221;#ffffff&#8221; use_icon_font_size=&#8221;on&#8221; admin_label=&#8221;Open Arms Person &#8211; Tina &#8211; Person &#8211; image 566&#215;849&#8243; _builder_version=&#8221;4.16&#8243; header_font=&#8221;||||||||&#8221; header_text_color=&#8221;#ffffff&#8221; header_font_size=&#8221;31px&#8221; header_line_height=&#8221;120%&#8221; position_font=&#8221;||||||||&#8221; position_text_color=&#8221;#ffffff&#8221; position_font_size=&#8221;16px&#8221; position_line_height=&#8221;120%&#8221; link_option_url=&#8221;#&#8221; header_font_size_tablet=&#8221;28px&#8221; header_font_size_phone=&#8221;24px&#8221; header_font_size_last_edited=&#8221;on|phone&#8221; custom_css_before=&#8221;content: %22%22;||    display: block;||    background: rgba(0,42,66,0.85);||    position: absolute;||    width: 100%;||    height: 100%;||    top: 0;||    left: 0;||    z-index: 10;||    transition: 0.3s;||    transform-origin: top center;||    transform: scaleY(0);||   transition-delay: 0.3s;&#8221; custom_css_main_element=&#8221;    overflow: hidden;||position: relative;&#8221; custom_css_member_image=&#8221;    max-width: 100%;||    margin: 0 !important;&#8221; custom_css_member_description=&#8221;font-weight: 400;||    position: absolute;||    top: 0;||    width: 100%;||z-index: 15;||    padding: 37px 36px 0 !important;||    transform: translate(0px, -102%);||    transition: 0.3s;||&#8221; custom_css_title=&#8221;font-weight: 400;&#8221; custom_css_member_social_links=&#8221;    position: absolute;||     top: auto;||    bottom: 12px;||    right: 21px;||    z-index: 15;||margin-top: 0;||    transform: translate(162%, 0);||    transition: 0.3s;||&#8221; global_colors_info=&#8221;{}&#8221;][\/et_pb_team_member][\/et_pb_column][\/et_pb_row][et_pb_row column_structure=&#8221;1_3,1_3,1_3&#8243; use_custom_gutter=&#8221;on&#8221; gutter_width=&#8221;2&#8243; admin_label=&#8221;Open Arms Person &#8211; Tina &#8211; Row&#8221; module_id=&#8221;divgestiondelapropiedadh&#8221; _builder_version=&#8221;4.16&#8243; width=&#8221;90%&#8221; custom_padding=&#8221;36px||||false|false&#8221; collapsed=&#8221;off&#8221; global_colors_info=&#8221;{}&#8221;][et_pb_column type=&#8221;1_3&#8243; _builder_version=&#8221;4.16&#8243; custom_css_main_element=&#8221;    width: 31.7% !important;||    margin-right: 2.4% !important;&#8221; global_colors_info=&#8221;{}&#8221;][et_pb_team_member name=&#8221;Xavier Pujol i Guardiola&#8221; position=&#8221;Gesti\u00f3 de la propietat horitzontal&#8221; image_url=&#8221;https:\/\/fincaslayes.com\/wp-content\/uploads\/2019\/01\/xavi.jpg&#8221; icon_color=&#8221;#ffffff&#8221; use_icon_font_size=&#8221;on&#8221; admin_label=&#8221;Open Arms Person &#8211; Tina &#8211; Person &#8211; image 566&#215;849&#8243; _builder_version=&#8221;4.16&#8243; header_font=&#8221;||||||||&#8221; header_text_color=&#8221;#ffffff&#8221; header_font_size=&#8221;31px&#8221; header_line_height=&#8221;120%&#8221; position_font=&#8221;||||||||&#8221; position_text_color=&#8221;#ffffff&#8221; position_font_size=&#8221;16px&#8221; position_line_height=&#8221;120%&#8221; link_option_url=&#8221;#&#8221; header_font_size_tablet=&#8221;28px&#8221; header_font_size_phone=&#8221;24px&#8221; header_font_size_last_edited=&#8221;on|phone&#8221; custom_css_before=&#8221;content: %22%22;||    display: block;||    background: rgba(0,42,66,0.85);||    position: absolute;||    width: 100%;||    height: 100%;||    top: 0;||    left: 0;||    z-index: 10;||    transition: 0.3s;||    transform-origin: top center;||    transform: scaleY(0);||   transition-delay: 0.3s;&#8221; custom_css_main_element=&#8221;    overflow: hidden;||position: relative;&#8221; custom_css_member_image=&#8221;    max-width: 100%;||    margin: 0 !important;&#8221; custom_css_member_description=&#8221;font-weight: 400;||    position: absolute;||    top: 0;||    width: 100%;||z-index: 15;||    padding: 37px 36px 0 !important;||    transform: translate(0px, -102%);||    transition: 0.3s;||&#8221; custom_css_title=&#8221;font-weight: 400;&#8221; custom_css_member_social_links=&#8221;    position: absolute;||     top: auto;||    bottom: 12px;||    right: 21px;||    z-index: 15;||margin-top: 0;||    transform: translate(162%, 0);||    transition: 0.3s;||&#8221; global_colors_info=&#8221;{}&#8221;][\/et_pb_team_member][et_pb_team_member name=&#8221;Alfred Cap\u00f3n Fern\u00e1ndez&#8221; position=&#8221;Gesti\u00f3 de la propietat horitzontal&#8221; image_url=&#8221;https:\/\/fincaslayes.com\/wp-content\/uploads\/2019\/01\/alfred.jpg&#8221; icon_color=&#8221;#ffffff&#8221; use_icon_font_size=&#8221;on&#8221; admin_label=&#8221;Open Arms Person &#8211; Tina &#8211; Person &#8211; image 566&#215;849&#8243; _builder_version=&#8221;4.16&#8243; header_font=&#8221;||||||||&#8221; header_text_color=&#8221;#ffffff&#8221; header_font_size=&#8221;31px&#8221; header_line_height=&#8221;120%&#8221; position_font=&#8221;||||||||&#8221; position_text_color=&#8221;#ffffff&#8221; position_font_size=&#8221;16px&#8221; position_line_height=&#8221;120%&#8221; link_option_url=&#8221;#&#8221; header_font_size_tablet=&#8221;28px&#8221; header_font_size_phone=&#8221;24px&#8221; header_font_size_last_edited=&#8221;on|phone&#8221; custom_css_before=&#8221;content: %22%22;||    display: block;||    background: rgba(0,42,66,0.85);||    position: absolute;||    width: 100%;||    height: 100%;||    top: 0;||    left: 0;||    z-index: 10;||    transition: 0.3s;||    transform-origin: top center;||    transform: scaleY(0);||   transition-delay: 0.3s;&#8221; custom_css_main_element=&#8221;    overflow: hidden;||position: relative;&#8221; custom_css_member_image=&#8221;    max-width: 100%;||    margin: 0 !important;&#8221; custom_css_member_description=&#8221;font-weight: 400;||    position: absolute;||    top: 0;||    width: 100%;||z-index: 15;||    padding: 37px 36px 0 !important;||    transform: translate(0px, -102%);||    transition: 0.3s;||&#8221; custom_css_title=&#8221;font-weight: 400;&#8221; custom_css_member_social_links=&#8221;    position: absolute;||     top: auto;||    bottom: 12px;||    right: 21px;||    z-index: 15;||margin-top: 0;||    transform: translate(162%, 0);||    transition: 0.3s;||&#8221; global_colors_info=&#8221;{}&#8221;][\/et_pb_team_member][\/et_pb_column][et_pb_column type=&#8221;1_3&#8243; _builder_version=&#8221;4.16&#8243; custom_css_main_element=&#8221;    width: 31.7% !important;||    margin-right: 2.4% !important;&#8221; global_colors_info=&#8221;{}&#8221;][et_pb_team_member name=&#8221;Josep Caball\u00e9 i Benejam&#8221; position=&#8221;Gesti\u00f3 de la propietat horitzontal&#8221; image_url=&#8221;https:\/\/fincaslayes.com\/wp-content\/uploads\/2019\/01\/josep.jpg&#8221; icon_color=&#8221;#ffffff&#8221; use_icon_font_size=&#8221;on&#8221; admin_label=&#8221;Open Arms Person &#8211; Tina &#8211; Person &#8211; image 566&#215;849&#8243; _builder_version=&#8221;4.16&#8243; header_font=&#8221;||||||||&#8221; header_text_color=&#8221;#ffffff&#8221; header_font_size=&#8221;31px&#8221; header_line_height=&#8221;120%&#8221; position_font=&#8221;||||||||&#8221; position_text_color=&#8221;#ffffff&#8221; position_font_size=&#8221;16px&#8221; position_line_height=&#8221;120%&#8221; link_option_url=&#8221;#&#8221; header_font_size_tablet=&#8221;28px&#8221; header_font_size_phone=&#8221;24px&#8221; header_font_size_last_edited=&#8221;on|phone&#8221; custom_css_before=&#8221;content: %22%22;||    display: block;||    background: rgba(0,42,66,0.85);||    position: absolute;||    width: 100%;||    height: 100%;||    top: 0;||    left: 0;||    z-index: 10;||    transition: 0.3s;||    transform-origin: top center;||    transform: scaleY(0);||   transition-delay: 0.3s;&#8221; custom_css_main_element=&#8221;    overflow: hidden;||position: relative;&#8221; custom_css_member_image=&#8221;    max-width: 100%;||    margin: 0 !important;&#8221; custom_css_member_description=&#8221;font-weight: 400;||    position: absolute;||    top: 0;||    width: 100%;||z-index: 15;||    padding: 37px 36px 0 !important;||    transform: translate(0px, -102%);||    transition: 0.3s;||&#8221; custom_css_title=&#8221;font-weight: 400;&#8221; custom_css_member_social_links=&#8221;    position: absolute;||     top: auto;||    bottom: 12px;||    right: 21px;||    z-index: 15;||margin-top: 0;||    transform: translate(162%, 0);||    transition: 0.3s;||&#8221; global_colors_info=&#8221;{}&#8221;][\/et_pb_team_member][et_pb_team_member name=&#8221;Javier Ymbern Buqueras&#8221; position=&#8221;Administrador de Finques&#8221; image_url=&#8221;https:\/\/fincaslayes.com\/wp-content\/uploads\/2024\/10\/VK09-FQLAYES_V2-1.png&#8221; icon_color=&#8221;#ffffff&#8221; use_icon_font_size=&#8221;on&#8221; admin_label=&#8221;Open Arms Person &#8211; Tina &#8211; Person &#8211; image 566&#215;849&#8243; _builder_version=&#8221;4.27.2&#8243; header_font=&#8221;||||||||&#8221; header_text_color=&#8221;#ffffff&#8221; header_font_size=&#8221;31px&#8221; header_line_height=&#8221;120%&#8221; position_font=&#8221;||||||||&#8221; position_text_color=&#8221;#ffffff&#8221; position_font_size=&#8221;16px&#8221; position_line_height=&#8221;120%&#8221; link_option_url=&#8221;#&#8221; header_font_size_tablet=&#8221;28px&#8221; header_font_size_phone=&#8221;24px&#8221; header_font_size_last_edited=&#8221;on|phone&#8221; custom_css_before=&#8221;content: %22%22;||    display: block;||    background: rgba(0,42,66,0.85);||    position: absolute;||    width: 100%;||    height: 100%;||    top: 0;||    left: 0;||    z-index: 10;||    transition: 0.3s;||    transform-origin: top center;||    transform: scaleY(0);||   transition-delay: 0.3s;&#8221; custom_css_main_element=&#8221;    overflow: hidden;||position: relative;&#8221; custom_css_member_image=&#8221;    max-width: 100%;||    margin: 0 !important;&#8221; custom_css_member_description=&#8221;font-weight: 400;||    position: absolute;||    top: 0;||    width: 100%;||z-index: 15;||    padding: 37px 36px 0 !important;||    transform: translate(0px, -102%);||    transition: 0.3s;||&#8221; custom_css_title=&#8221;font-weight: 400;&#8221; custom_css_member_social_links=&#8221;    position: absolute;||     top: auto;||    bottom: 12px;||    right: 21px;||    z-index: 15;||margin-top: 0;||    transform: translate(162%, 0);||    transition: 0.3s;||&#8221; global_colors_info=&#8221;{}&#8221;][\/et_pb_team_member][\/et_pb_column][et_pb_column type=&#8221;1_3&#8243; _builder_version=&#8221;4.16&#8243; custom_css_main_element=&#8221;    width: 31.7% !important;||&#8221; global_colors_info=&#8221;{}&#8221;][et_pb_team_member name=&#8221;Xavier Cervera Prat&#8221; position=&#8221;Gesti\u00f3 de la propietat horitzontal&#8221; image_url=&#8221;https:\/\/fincaslayes.com\/wp-content\/uploads\/2019\/01\/xavier.jpg&#8221; icon_color=&#8221;#ffffff&#8221; use_icon_font_size=&#8221;on&#8221; admin_label=&#8221;Open Arms Person &#8211; Tina &#8211; Person &#8211; image 566&#215;849&#8243; _builder_version=&#8221;4.16&#8243; header_font=&#8221;||||||||&#8221; header_text_color=&#8221;#ffffff&#8221; header_font_size=&#8221;31px&#8221; header_line_height=&#8221;120%&#8221; position_font=&#8221;||||||||&#8221; position_text_color=&#8221;#ffffff&#8221; position_font_size=&#8221;16px&#8221; position_line_height=&#8221;120%&#8221; link_option_url=&#8221;#&#8221; header_font_size_tablet=&#8221;28px&#8221; header_font_size_phone=&#8221;24px&#8221; header_font_size_last_edited=&#8221;on|phone&#8221; custom_css_before=&#8221;content: %22%22;||    display: block;||    background: rgba(0,42,66,0.85);||    position: absolute;||    width: 100%;||    height: 100%;||    top: 0;||    left: 0;||    z-index: 10;||    transition: 0.3s;||    transform-origin: top center;||    transform: scaleY(0);||   transition-delay: 0.3s;&#8221; custom_css_main_element=&#8221;    overflow: hidden;||position: relative;&#8221; custom_css_member_image=&#8221;    max-width: 100%;||    margin: 0 !important;&#8221; custom_css_member_description=&#8221;font-weight: 400;||    position: absolute;||    top: 0;||    width: 100%;||z-index: 15;||    padding: 37px 36px 0 !important;||    transform: translate(0px, -102%);||    transition: 0.3s;||&#8221; custom_css_title=&#8221;font-weight: 400;&#8221; custom_css_member_social_links=&#8221;    position: absolute;||     top: auto;||    bottom: 12px;||    right: 21px;||    z-index: 15;||margin-top: 0;||    transform: translate(162%, 0);||    transition: 0.3s;||&#8221; global_colors_info=&#8221;{}&#8221;][\/et_pb_team_member][\/et_pb_column][\/et_pb_row][et_pb_row column_structure=&#8221;1_3,1_3,1_3&#8243; use_custom_gutter=&#8221;on&#8221; gutter_width=&#8221;2&#8243; admin_label=&#8221;Open Arms Person &#8211; Tina &#8211; Row&#8221; module_id=&#8221;divadministracion&#8221; _builder_version=&#8221;4.16&#8243; width=&#8221;90%&#8221; custom_padding=&#8221;36px||||false|false&#8221; collapsed=&#8221;off&#8221; global_colors_info=&#8221;{}&#8221;][et_pb_column type=&#8221;1_3&#8243; _builder_version=&#8221;4.16&#8243; custom_css_main_element=&#8221;    width: 31.7% !important;||    margin-right: 2.4% !important;&#8221; global_colors_info=&#8221;{}&#8221;][et_pb_team_member name=&#8221;Gl\u00f2ria Torres i Aluja&#8221; position=&#8221;Administraci\u00f3&#8221; image_url=&#8221;https:\/\/fincaslayes.com\/wp-content\/uploads\/2019\/01\/gloria.jpg&#8221; icon_color=&#8221;#ffffff&#8221; use_icon_font_size=&#8221;on&#8221; admin_label=&#8221;Open Arms Person &#8211; Tina &#8211; Person &#8211; image 566&#215;849&#8243; _builder_version=&#8221;4.16&#8243; header_font=&#8221;||||||||&#8221; header_text_color=&#8221;#ffffff&#8221; header_font_size=&#8221;31px&#8221; header_line_height=&#8221;120%&#8221; position_font=&#8221;||||||||&#8221; position_text_color=&#8221;#ffffff&#8221; position_font_size=&#8221;16px&#8221; position_line_height=&#8221;120%&#8221; link_option_url=&#8221;#&#8221; header_font_size_tablet=&#8221;28px&#8221; header_font_size_phone=&#8221;24px&#8221; header_font_size_last_edited=&#8221;on|phone&#8221; custom_css_before=&#8221;content: %22%22;||    display: block;||    background: rgba(0,42,66,0.85);||    position: absolute;||    width: 100%;||    height: 100%;||    top: 0;||    left: 0;||    z-index: 10;||    transition: 0.3s;||    transform-origin: top center;||    transform: scaleY(0);||   transition-delay: 0.3s;&#8221; custom_css_main_element=&#8221;    overflow: hidden;||position: relative;&#8221; custom_css_member_image=&#8221;    max-width: 100%;||    margin: 0 !important;&#8221; custom_css_member_description=&#8221;font-weight: 400;||    position: absolute;||    top: 0;||    width: 100%;||z-index: 15;||    padding: 37px 36px 0 !important;||    transform: translate(0px, -102%);||    transition: 0.3s;||&#8221; custom_css_title=&#8221;font-weight: 400;&#8221; custom_css_member_social_links=&#8221;    position: absolute;||     top: auto;||    bottom: 12px;||    right: 21px;||    z-index: 15;||margin-top: 0;||    transform: translate(162%, 0);||    transition: 0.3s;||&#8221; global_colors_info=&#8221;{}&#8221;][\/et_pb_team_member][et_pb_team_member name=&#8221;Paula Aragon\u00e9s&#8221; position=&#8221;Administraci\u00f3&#8221; image_url=&#8221;https:\/\/fincaslayes.com\/wp-content\/uploads\/2023\/05\/PAULA-scaled.jpg&#8221; icon_color=&#8221;#ffffff&#8221; use_icon_font_size=&#8221;on&#8221; admin_label=&#8221;Open Arms Person &#8211; Tina &#8211; Person &#8211; image 566&#215;849&#8243; _builder_version=&#8221;4.20.2&#8243; header_font=&#8221;||||||||&#8221; header_text_color=&#8221;#ffffff&#8221; header_font_size=&#8221;31px&#8221; header_line_height=&#8221;120%&#8221; position_font=&#8221;||||||||&#8221; position_text_color=&#8221;#ffffff&#8221; position_font_size=&#8221;16px&#8221; position_line_height=&#8221;120%&#8221; link_option_url=&#8221;#&#8221; header_font_size_tablet=&#8221;28px&#8221; header_font_size_phone=&#8221;24px&#8221; header_font_size_last_edited=&#8221;on|phone&#8221; custom_css_before=&#8221;content: %22%22;||    display: block;||    background: rgba(0,42,66,0.85);||    position: absolute;||    width: 100%;||    height: 100%;||    top: 0;||    left: 0;||    z-index: 10;||    transition: 0.3s;||    transform-origin: top center;||    transform: scaleY(0);||   transition-delay: 0.3s;&#8221; custom_css_main_element=&#8221;    overflow: hidden;||position: relative;&#8221; custom_css_member_image=&#8221;    max-width: 100%;||    margin: 0 !important;&#8221; custom_css_member_description=&#8221;font-weight: 400;||    position: absolute;||    top: 0;||    width: 100%;||z-index: 15;||    padding: 37px 36px 0 !important;||    transform: translate(0px, -102%);||    transition: 0.3s;||&#8221; custom_css_title=&#8221;font-weight: 400;&#8221; custom_css_member_social_links=&#8221;    position: absolute;||     top: auto;||    bottom: 12px;||    right: 21px;||    z-index: 15;||margin-top: 0;||    transform: translate(162%, 0);||    transition: 0.3s;||&#8221; global_colors_info=&#8221;{}&#8221;][\/et_pb_team_member][\/et_pb_column][et_pb_column type=&#8221;1_3&#8243; _builder_version=&#8221;4.16&#8243; custom_css_main_element=&#8221;    width: 31.7% !important;||    margin-right: 2.4% !important;&#8221; global_colors_info=&#8221;{}&#8221;][et_pb_team_member name=&#8221;Ana Belen Yag\u00fce Poyatos&#8221; position=&#8221;Administraci\u00f3&#8221; image_url=&#8221;https:\/\/fincaslayes.com\/wp-content\/uploads\/2019\/01\/anabelen.jpg&#8221; icon_color=&#8221;#ffffff&#8221; use_icon_font_size=&#8221;on&#8221; admin_label=&#8221;Open Arms Person &#8211; Tina &#8211; Person &#8211; image 566&#215;849&#8243; _builder_version=&#8221;4.16&#8243; header_font=&#8221;||||||||&#8221; header_text_color=&#8221;#ffffff&#8221; header_font_size=&#8221;31px&#8221; header_line_height=&#8221;120%&#8221; position_font=&#8221;||||||||&#8221; position_text_color=&#8221;#ffffff&#8221; position_font_size=&#8221;16px&#8221; position_line_height=&#8221;120%&#8221; link_option_url=&#8221;#&#8221; header_font_size_tablet=&#8221;28px&#8221; header_font_size_phone=&#8221;24px&#8221; header_font_size_last_edited=&#8221;on|phone&#8221; custom_css_before=&#8221;content: %22%22;||    display: block;||    background: rgba(0,42,66,0.85);||    position: absolute;||    width: 100%;||    height: 100%;||    top: 0;||    left: 0;||    z-index: 10;||    transition: 0.3s;||    transform-origin: top center;||    transform: scaleY(0);||   transition-delay: 0.3s;&#8221; custom_css_main_element=&#8221;    overflow: hidden;||position: relative;&#8221; custom_css_member_image=&#8221;    max-width: 100%;||    margin: 0 !important;&#8221; custom_css_member_description=&#8221;font-weight: 400;||    position: absolute;||    top: 0;||    width: 100%;||z-index: 15;||    padding: 37px 36px 0 !important;||    transform: translate(0px, -102%);||    transition: 0.3s;||&#8221; custom_css_title=&#8221;font-weight: 400;&#8221; custom_css_member_social_links=&#8221;    position: absolute;||     top: auto;||    bottom: 12px;||    right: 21px;||    z-index: 15;||margin-top: 0;||    transform: translate(162%, 0);||    transition: 0.3s;||&#8221; global_colors_info=&#8221;{}&#8221;][\/et_pb_team_member][et_pb_team_member name=&#8221;Judith Pons&#8221; position=&#8221;Administraci\u00f3&#8221; image_url=&#8221;https:\/\/fincaslayes.com\/wp-content\/uploads\/2023\/05\/JUDITH-scaled.jpg&#8221; icon_color=&#8221;#ffffff&#8221; use_icon_font_size=&#8221;on&#8221; admin_label=&#8221;Open Arms Person &#8211; Tina &#8211; Person &#8211; image 566&#215;849&#8243; _builder_version=&#8221;4.20.2&#8243; header_font=&#8221;||||||||&#8221; header_text_color=&#8221;#ffffff&#8221; header_font_size=&#8221;31px&#8221; header_line_height=&#8221;120%&#8221; position_font=&#8221;||||||||&#8221; position_text_color=&#8221;#ffffff&#8221; position_font_size=&#8221;16px&#8221; position_line_height=&#8221;120%&#8221; link_option_url=&#8221;#&#8221; header_font_size_tablet=&#8221;28px&#8221; header_font_size_phone=&#8221;24px&#8221; header_font_size_last_edited=&#8221;on|phone&#8221; custom_css_before=&#8221;content: %22%22;||    display: block;||    background: rgba(0,42,66,0.85);||    position: absolute;||    width: 100%;||    height: 100%;||    top: 0;||    left: 0;||    z-index: 10;||    transition: 0.3s;||    transform-origin: top center;||    transform: scaleY(0);||   transition-delay: 0.3s;&#8221; custom_css_main_element=&#8221;    overflow: hidden;||position: relative;&#8221; custom_css_member_image=&#8221;    max-width: 100%;||    margin: 0 !important;&#8221; custom_css_member_description=&#8221;font-weight: 400;||    position: absolute;||    top: 0;||    width: 100%;||z-index: 15;||    padding: 37px 36px 0 !important;||    transform: translate(0px, -102%);||    transition: 0.3s;||&#8221; custom_css_title=&#8221;font-weight: 400;&#8221; custom_css_member_social_links=&#8221;    position: absolute;||     top: auto;||    bottom: 12px;||    right: 21px;||    z-index: 15;||margin-top: 0;||    transform: translate(162%, 0);||    transition: 0.3s;||&#8221; global_colors_info=&#8221;{}&#8221;][\/et_pb_team_member][\/et_pb_column][et_pb_column type=&#8221;1_3&#8243; _builder_version=&#8221;4.16&#8243; custom_css_main_element=&#8221;    width: 31.7% !important;||&#8221; global_colors_info=&#8221;{}&#8221;][et_pb_team_member name=&#8221;Esther Gomez&#8221; position=&#8221;Administraci\u00f3&#8221; image_url=&#8221;https:\/\/fincaslayes.com\/wp-content\/uploads\/2023\/05\/ESTHER-3-scaled.jpg&#8221; icon_color=&#8221;#ffffff&#8221; use_icon_font_size=&#8221;on&#8221; _builder_version=&#8221;4.20.2&#8243; _module_preset=&#8221;default&#8221; header_font=&#8221;||||||||&#8221; header_text_color=&#8221;#ffffff&#8221; header_font_size=&#8221;31px&#8221; header_line_height=&#8221;120%&#8221; position_font=&#8221;||||||||&#8221; position_text_color=&#8221;#ffffff&#8221; position_font_size=&#8221;16px&#8221; position_line_height=&#8221;120%&#8221; header_font_size_tablet=&#8221;28px&#8221; header_font_size_phone=&#8221;24px&#8221; header_font_size_last_edited=&#8221;on|phone&#8221; custom_css_before=&#8221;content: %22%22;||    display: block;||    background: rgba(0,42,66,0.85);||    position: absolute;||    width: 100%;||    height: 100%;||    top: 0;||    left: 0;||    z-index: 10;||    transition: 0.3s;||    transform-origin: top center;||    transform: scaleY(0);||   transition-delay: 0.3s;&#8221; custom_css_main_element=&#8221;    overflow: hidden;||position: relative;&#8221; custom_css_member_image=&#8221;    max-width: 100%;||    margin: 0 !important;&#8221; custom_css_member_description=&#8221;font-weight: 400;||    position: absolute;||    top: 0;||    width: 100%;||z-index: 15;||    padding: 37px 36px 0 !important;||    transform: translate(0px, -102%);||    transition: 0.3s;||&#8221; custom_css_title=&#8221;font-weight: 400;&#8221; custom_css_member_social_links=&#8221;    position: absolute;||     top: auto;||    bottom: 12px;||    right: 21px;||    z-index: 15;||margin-top: 0;||    transform: translate(162%, 0);||    transition: 0.3s;||&#8221; global_colors_info=&#8221;{}&#8221;][\/et_pb_team_member][et_pb_team_member name=&#8221;Sofia Valdeolmillos&#8221; position=&#8221;Administraci\u00f3&#8221; image_url=&#8221;https:\/\/fincaslayes.com\/wp-content\/uploads\/2024\/02\/Sofia-Valdeolmillos-Layes.jpg&#8221; icon_color=&#8221;#ffffff&#8221; use_icon_font_size=&#8221;on&#8221; _builder_version=&#8221;4.27.4&#8243; _module_preset=&#8221;default&#8221; header_font=&#8221;||||||||&#8221; header_text_color=&#8221;#ffffff&#8221; header_font_size=&#8221;31px&#8221; header_line_height=&#8221;120%&#8221; position_font=&#8221;||||||||&#8221; position_text_color=&#8221;#ffffff&#8221; position_font_size=&#8221;16px&#8221; position_line_height=&#8221;120%&#8221; hover_enabled=&#8221;0&#8243; header_font_size_tablet=&#8221;28px&#8221; header_font_size_phone=&#8221;24px&#8221; header_font_size_last_edited=&#8221;on|phone&#8221; custom_css_before=&#8221;content: %22%22;||    display: block;||    background: rgba(0,42,66,0.85);||    position: absolute;||    width: 100%;||    height: 100%;||    top: 0;||    left: 0;||    z-index: 10;||    transition: 0.3s;||    transform-origin: top center;||    transform: scaleY(0);||   transition-delay: 0.3s;&#8221; custom_css_main_element=&#8221;    overflow: hidden;||position: relative;&#8221; custom_css_member_image=&#8221;    max-width: 100%;||    margin: 0 !important;&#8221; custom_css_member_description=&#8221;font-weight: 400;||    position: absolute;||    top: 0;||    width: 100%;||z-index: 15;||    padding: 37px 36px 0 !important;||    transform: translate(0px, -102%);||    transition: 0.3s;||&#8221; custom_css_title=&#8221;font-weight: 400;&#8221; custom_css_member_social_links=&#8221;    position: absolute;||     top: auto;||    bottom: 12px;||    right: 21px;||    z-index: 15;||margin-top: 0;||    transform: translate(162%, 0);||    transition: 0.3s;||&#8221; global_colors_info=&#8221;{}&#8221; disabled_on=&#8221;on|on|on&#8221; disabled=&#8221;on&#8221; sticky_enabled=&#8221;0&#8243;][\/et_pb_team_member][\/et_pb_column][\/et_pb_row][et_pb_row column_structure=&#8221;1_3,1_3,1_3&#8243; use_custom_gutter=&#8221;on&#8221; gutter_width=&#8221;2&#8243; admin_label=&#8221;Open Arms Person &#8211; Tina &#8211; Row&#8221; module_id=&#8221;divasesoramientocontable&#8221; _builder_version=&#8221;4.16&#8243; width=&#8221;90%&#8221; custom_padding=&#8221;36px||||false|false&#8221; collapsed=&#8221;off&#8221; global_colors_info=&#8221;{}&#8221;][et_pb_column type=&#8221;1_3&#8243; _builder_version=&#8221;4.16&#8243; custom_css_main_element=&#8221;    width: 31.7% !important;||    margin-right: 2.4% !important;&#8221; global_colors_info=&#8221;{}&#8221;][et_pb_team_member name=&#8221;M\u00f3nica Contreras&#8221; position=&#8221;Caixa i Comptabilitat&#8221; image_url=&#8221;https:\/\/fincaslayes.com\/wp-content\/uploads\/2024\/10\/VK11-FQLAYES.jpg&#8221; icon_color=&#8221;#ffffff&#8221; use_icon_font_size=&#8221;on&#8221; _builder_version=&#8221;4.27.2&#8243; _module_preset=&#8221;default&#8221; header_font=&#8221;||||||||&#8221; header_text_color=&#8221;#ffffff&#8221; header_font_size=&#8221;31px&#8221; header_line_height=&#8221;120%&#8221; position_font=&#8221;||||||||&#8221; position_text_color=&#8221;#ffffff&#8221; position_font_size=&#8221;16px&#8221; position_line_height=&#8221;120%&#8221; header_font_size_tablet=&#8221;28px&#8221; header_font_size_phone=&#8221;24px&#8221; header_font_size_last_edited=&#8221;on|phone&#8221; custom_css_before=&#8221;content: %22%22;||    display: block;||    background: rgba(0,42,66,0.85);||    position: absolute;||    width: 100%;||    height: 100%;||    top: 0;||    left: 0;||    z-index: 10;||    transition: 0.3s;||    transform-origin: top center;||    transform: scaleY(0);||   transition-delay: 0.3s;&#8221; custom_css_main_element=&#8221;    overflow: hidden;||position: relative;&#8221; custom_css_member_image=&#8221;    max-width: 100%;||    margin: 0 !important;&#8221; custom_css_member_description=&#8221;font-weight: 400;||    position: absolute;||    top: 0;||    width: 100%;||z-index: 15;||    padding: 37px 36px 0 !important;||    transform: translate(0px, -102%);||    transition: 0.3s;||&#8221; custom_css_title=&#8221;font-weight: 400;&#8221; custom_css_member_social_links=&#8221;    position: absolute;||     top: auto;||    bottom: 12px;||    right: 21px;||    z-index: 15;||margin-top: 0;||    transform: translate(162%, 0);||    transition: 0.3s;||&#8221; global_colors_info=&#8221;{}&#8221;][\/et_pb_team_member][\/et_pb_column][et_pb_column type=&#8221;1_3&#8243; _builder_version=&#8221;4.16&#8243; custom_css_main_element=&#8221;    width: 31.7% !important;||    margin-right: 2.4% !important;&#8221; global_colors_info=&#8221;{}&#8221;][et_pb_team_member name=&#8221;Conchi&#8221; position=&#8221;Caixa i Comptabilitat&#8221; image_url=&#8221;https:\/\/fincaslayes.com\/wp-content\/uploads\/2024\/10\/VK15-FQLAYES.jpg&#8221; icon_color=&#8221;#ffffff&#8221; use_icon_font_size=&#8221;on&#8221; admin_label=&#8221;Open Arms Person &#8211; Tina &#8211; Person &#8211; image 566&#215;849&#8243; _builder_version=&#8221;4.27.4&#8243; header_font=&#8221;||||||||&#8221; header_text_color=&#8221;#ffffff&#8221; header_font_size=&#8221;31px&#8221; header_line_height=&#8221;120%&#8221; position_font=&#8221;||||||||&#8221; position_text_color=&#8221;#ffffff&#8221; position_font_size=&#8221;16px&#8221; position_line_height=&#8221;120%&#8221; link_option_url=&#8221;#&#8221; hover_enabled=&#8221;0&#8243; header_font_size_tablet=&#8221;28px&#8221; header_font_size_phone=&#8221;24px&#8221; header_font_size_last_edited=&#8221;on|phone&#8221; custom_css_before=&#8221;content: %22%22;||    display: block;||    background: rgba(0,42,66,0.85);||    position: absolute;||    width: 100%;||    height: 100%;||    top: 0;||    left: 0;||    z-index: 10;||    transition: 0.3s;||    transform-origin: top center;||    transform: scaleY(0);||   transition-delay: 0.3s;&#8221; custom_css_main_element=&#8221;    overflow: hidden;||position: relative;&#8221; custom_css_member_image=&#8221;    max-width: 100%;||    margin: 0 !important;&#8221; custom_css_member_description=&#8221;font-weight: 400;||    position: absolute;||    top: 0;||    width: 100%;||z-index: 15;||    padding: 37px 36px 0 !important;||    transform: translate(0px, -102%);||    transition: 0.3s;||&#8221; custom_css_title=&#8221;font-weight: 400;&#8221; custom_css_member_social_links=&#8221;    position: absolute;||     top: auto;||    bottom: 12px;||    right: 21px;||    z-index: 15;||margin-top: 0;||    transform: translate(162%, 0);||    transition: 0.3s;||&#8221; global_colors_info=&#8221;{}&#8221; sticky_enabled=&#8221;0&#8243;][\/et_pb_team_member][\/et_pb_column][et_pb_column type=&#8221;1_3&#8243; _builder_version=&#8221;4.16&#8243; custom_css_main_element=&#8221;    width: 31.7% !important;||&#8221; global_colors_info=&#8221;{}&#8221;][et_pb_team_member name=&#8221;Sofia Valdeolmillos&#8221; position=&#8221;Caixa i Comptabilitat&#8221; image_url=&#8221;https:\/\/fincaslayes.com\/wp-content\/uploads\/2024\/02\/Sofia-Valdeolmillos-Layes.jpg&#8221; icon_color=&#8221;#ffffff&#8221; use_icon_font_size=&#8221;on&#8221; admin_label=&#8221;Open Arms Person &#8211; Tina &#8211; Person &#8211; image 566&#215;849&#8243; _builder_version=&#8221;4.27.4&#8243; header_font=&#8221;||||||||&#8221; header_text_color=&#8221;#ffffff&#8221; header_font_size=&#8221;31px&#8221; header_line_height=&#8221;120%&#8221; position_font=&#8221;||||||||&#8221; position_text_color=&#8221;#ffffff&#8221; position_font_size=&#8221;16px&#8221; position_line_height=&#8221;120%&#8221; link_option_url=&#8221;#&#8221; hover_enabled=&#8221;0&#8243; header_font_size_tablet=&#8221;28px&#8221; header_font_size_phone=&#8221;24px&#8221; header_font_size_last_edited=&#8221;on|phone&#8221; custom_css_before=&#8221;content: %22%22;||    display: block;||    background: rgba(0,42,66,0.85);||    position: absolute;||    width: 100%;||    height: 100%;||    top: 0;||    left: 0;||    z-index: 10;||    transition: 0.3s;||    transform-origin: top center;||    transform: scaleY(0);||   transition-delay: 0.3s;&#8221; custom_css_main_element=&#8221;    overflow: hidden;||position: relative;&#8221; custom_css_member_image=&#8221;    max-width: 100%;||    margin: 0 !important;&#8221; custom_css_member_description=&#8221;font-weight: 400;||    position: absolute;||    top: 0;||    width: 100%;||z-index: 15;||    padding: 37px 36px 0 !important;||    transform: translate(0px, -102%);||    transition: 0.3s;||&#8221; custom_css_title=&#8221;font-weight: 400;&#8221; custom_css_member_social_links=&#8221;    position: absolute;||     top: auto;||    bottom: 12px;||    right: 21px;||    z-index: 15;||margin-top: 0;||    transform: translate(162%, 0);||    transition: 0.3s;||&#8221; global_colors_info=&#8221;{}&#8221; sticky_enabled=&#8221;0&#8243; title_text=&#8221;Sofia Valdeolmillos Layes&#8221;][\/et_pb_team_member][\/et_pb_column][\/et_pb_row][et_pb_row column_structure=&#8221;1_3,1_3,1_3&#8243; use_custom_gutter=&#8221;on&#8221; gutter_width=&#8221;2&#8243; admin_label=&#8221;Open Arms Person &#8211; Tina &#8211; Row&#8221; module_id=&#8221;divrecursoslaborales&#8221; _builder_version=&#8221;4.16&#8243; width=&#8221;90%&#8221; custom_padding=&#8221;36px||||false|false&#8221; collapsed=&#8221;off&#8221; global_colors_info=&#8221;{}&#8221;][et_pb_column type=&#8221;1_3&#8243; _builder_version=&#8221;4.16&#8243; custom_css_main_element=&#8221;    width: 31.7% !important;||    margin-right: 2.4% !important;&#8221; global_colors_info=&#8221;{}&#8221;][\/et_pb_column][et_pb_column type=&#8221;1_3&#8243; _builder_version=&#8221;4.16&#8243; custom_css_main_element=&#8221;    width: 31.7% !important;||    margin-right: 2.4% !important;&#8221; global_colors_info=&#8221;{}&#8221;][et_pb_team_member name=&#8221;Isabel Batan\u00e1s Palomo&#8221; position=&#8221;Recursos laborals&#8221; image_url=&#8221;https:\/\/fincaslayes.com\/wp-content\/uploads\/2023\/05\/isabel.jpg&#8221; icon_color=&#8221;#ffffff&#8221; use_icon_font_size=&#8221;on&#8221; admin_label=&#8221;Open Arms Person &#8211; Tina &#8211; Person &#8211; image 566&#215;849&#8243; _builder_version=&#8221;4.20.2&#8243; header_font=&#8221;||||||||&#8221; header_text_color=&#8221;#ffffff&#8221; header_font_size=&#8221;31px&#8221; header_line_height=&#8221;120%&#8221; position_font=&#8221;||||||||&#8221; position_text_color=&#8221;#ffffff&#8221; position_font_size=&#8221;16px&#8221; position_line_height=&#8221;120%&#8221; link_option_url=&#8221;#&#8221; header_font_size_tablet=&#8221;28px&#8221; header_font_size_phone=&#8221;24px&#8221; header_font_size_last_edited=&#8221;on|phone&#8221; custom_css_before=&#8221;content: %22%22;||    display: block;||    background: rgba(0,42,66,0.85);||    position: absolute;||    width: 100%;||    height: 100%;||    top: 0;||    left: 0;||    z-index: 10;||    transition: 0.3s;||    transform-origin: top center;||    transform: scaleY(0);||   transition-delay: 0.3s;&#8221; custom_css_main_element=&#8221;    overflow: hidden;||position: relative;&#8221; custom_css_member_image=&#8221;    max-width: 100%;||    margin: 0 !important;&#8221; custom_css_member_description=&#8221;font-weight: 400;||    position: absolute;||    top: 0;||    width: 100%;||z-index: 15;||    padding: 37px 36px 0 !important;||    transform: translate(0px, -102%);||    transition: 0.3s;||&#8221; custom_css_title=&#8221;font-weight: 400;&#8221; custom_css_member_social_links=&#8221;    position: absolute;||     top: auto;||    bottom: 12px;||    right: 21px;||    z-index: 15;||margin-top: 0;||    transform: translate(162%, 0);||    transition: 0.3s;||&#8221; global_colors_info=&#8221;{}&#8221;][\/et_pb_team_member][\/et_pb_column][et_pb_column type=&#8221;1_3&#8243; _builder_version=&#8221;4.16&#8243; custom_css_main_element=&#8221;    width: 31.7% !important;||&#8221; global_colors_info=&#8221;{}&#8221;][\/et_pb_column][\/et_pb_row][et_pb_row _builder_version=&#8221;4.16&#8243; _module_preset=&#8221;default&#8221; global_colors_info=&#8221;{}&#8221;][et_pb_column type=&#8221;4_4&#8243; _builder_version=&#8221;4.16&#8243; _module_preset=&#8221;default&#8221; global_colors_info=&#8221;{}&#8221;][et_pb_code _builder_version=&#8221;4.16&#8243; _module_preset=&#8221;default&#8221; global_colors_info=&#8221;{}&#8221;]<script><!-- [et_pb_line_break_holder] -->  jQuery( document ).ready(function() {<!-- [et_pb_line_break_holder] -->jQuery(\"#divgestiondelapropiedadv\").hide();<!-- [et_pb_line_break_holder] -->jQuery(\"#divdepartamentodealquileresyventas\").hide();<!-- [et_pb_line_break_holder] -->jQuery(\"#divgestiondelapropiedadh\").hide();<!-- [et_pb_line_break_holder] -->jQuery(\"#divadministracion\").hide();<!-- [et_pb_line_break_holder] -->jQuery(\"#divasesoramientocontable\").hide();<!-- [et_pb_line_break_holder] -->jQuery(\"#divrecursoslaborales\").hide();<!-- [et_pb_line_break_holder] -->  });<!-- [et_pb_line_break_holder] -->  <!-- [et_pb_line_break_holder] -->  <!-- [et_pb_line_break_holder] -->  <!-- [et_pb_line_break_holder] -->  <!-- [et_pb_line_break_holder] -->function esconderTodo(){<!-- [et_pb_line_break_holder] -->jQuery(\"#divgerente\").hide('slow');<!-- [et_pb_line_break_holder] -->jQuery(\"#divgestiondelapropiedadv\").hide('slow');<!-- [et_pb_line_break_holder] -->jQuery(\"#divdepartamentodealquileresyventas\").hide('slow');<!-- [et_pb_line_break_holder] -->jQuery(\"#divgestiondelapropiedadh\").hide('slow');<!-- [et_pb_line_break_holder] -->jQuery(\"#divadministracion\").hide('slow');<!-- [et_pb_line_break_holder] -->jQuery(\"#divasesoramientocontable\").hide('slow');<!-- [et_pb_line_break_holder] -->jQuery(\"#divrecursoslaborales\").hide('slow');<!-- [et_pb_line_break_holder] -->}<!-- [et_pb_line_break_holder] --><!-- [et_pb_line_break_holder] --> function borrarClase(){<!-- [et_pb_line_break_holder] --> jQuery(\"#divgerentec\").removeClass( \"selected\");<!-- [et_pb_line_break_holder] -->jQuery(\"#divgestiondelapropiedadvc\").removeClass( \"selected\");<!-- [et_pb_line_break_holder] -->jQuery(\"#divdepartamentodealquileresyventasc\").removeClass( \"selected\");<!-- [et_pb_line_break_holder] -->jQuery(\"#divgestiondelapropiedadhc\").removeClass( \"selected\");<!-- [et_pb_line_break_holder] -->jQuery(\"#divadministracionc\").removeClass( \"selected\");<!-- [et_pb_line_break_holder] -->jQuery(\"#divasesoramientocontablec\").removeClass( \"selected\");<!-- [et_pb_line_break_holder] -->jQuery(\"#divrecursoslaboralesc\").removeClass( \"selected\");<!-- [et_pb_line_break_holder] -->} <!-- [et_pb_line_break_holder] -->  <!-- [et_pb_line_break_holder] -->  <!-- [et_pb_line_break_holder] -->function darClase(tipo){<!-- [et_pb_line_break_holder] -->  jQuery(tipo+'c').addClass('selected');<!-- [et_pb_line_break_holder] -->  conosle.log(tipo+'c');<!-- [et_pb_line_break_holder] -->}<!-- [et_pb_line_break_holder] -->  <!-- [et_pb_line_break_holder] -->function mostrarTipo(tipo){<!-- [et_pb_line_break_holder] -->jQuery(tipo).show('slow');<!-- [et_pb_line_break_holder] --><!-- [et_pb_line_break_holder] -->}<!-- [et_pb_line_break_holder] --><!-- [et_pb_line_break_holder] -->function clickBTN (tipo){<!-- [et_pb_line_break_holder] -->  <!-- [et_pb_line_break_holder] -->  if(jQuery(tipo+'c').hasClass('selected')){<!-- [et_pb_line_break_holder] -->    <!-- [et_pb_line_break_holder] -->    <!-- [et_pb_line_break_holder] -->  }else{<!-- [et_pb_line_break_holder] -->  esconderTodo();<!-- [et_pb_line_break_holder] -->  mostrarTipo(tipo);<!-- [et_pb_line_break_holder] -->  borrarClase();<!-- [et_pb_line_break_holder] -->  darClase(tipo);<!-- [et_pb_line_break_holder] -->  }<!-- [et_pb_line_break_holder] -->}<!-- [et_pb_line_break_holder] --><\/script>[\/et_pb_code][\/et_pb_column][\/et_pb_row][\/et_pb_section]<\/p>\n","protected":false},"excerpt":{"rendered":"<p>SOBRE NOSALTRESLA NOSTRA HIST\u00d2RIAHem vist molts habitatges com per a saber que les cases no es comencen per la teulada. Descobreix com constru\u00efm la nostra. Administraci\u00f3n Fincas Layes S.L, es va fundar l&#8217;any 1963 pels germans Francisco Folch Trepat i Carlos Folch Trepat, dos advocats de reputaci\u00f3 consolidada de Barcelona, a la qual posteriorment s&#8217;uniria [&hellip;]<\/p>\n","protected":false},"author":2,"featured_media":370205,"parent":0,"menu_order":0,"comment_status":"closed","ping_status":"closed","template":"","meta":{"_et_pb_use_builder":"on","_et_pb_old_content":"","_et_gb_content_width":"","footnotes":""},"class_list":["post-368912","page","type-page","status-publish","has-post-thumbnail","hentry"],"_links":{"self":[{"href":"https:\/\/fincaslayes.com\/ca\/wp-json\/wp\/v2\/pages\/368912","targetHints":{"allow":["GET"]}}],"collection":[{"href":"https:\/\/fincaslayes.com\/ca\/wp-json\/wp\/v2\/pages"}],"about":[{"href":"https:\/\/fincaslayes.com\/ca\/wp-json\/wp\/v2\/types\/page"}],"author":[{"embeddable":true,"href":"https:\/\/fincaslayes.com\/ca\/wp-json\/wp\/v2\/users\/2"}],"replies":[{"embeddable":true,"href":"https:\/\/fincaslayes.com\/ca\/wp-json\/wp\/v2\/comments?post=368912"}],"version-history":[{"count":18,"href":"https:\/\/fincaslayes.com\/ca\/wp-json\/wp\/v2\/pages\/368912\/revisions"}],"predecessor-version":[{"id":379729,"href":"https:\/\/fincaslayes.com\/ca\/wp-json\/wp\/v2\/pages\/368912\/revisions\/379729"}],"wp:featuredmedia":[{"embeddable":true,"href":"https:\/\/fincaslayes.com\/ca\/wp-json\/wp\/v2\/media\/370205"}],"wp:attachment":[{"href":"https:\/\/fincaslayes.com\/ca\/wp-json\/wp\/v2\/media?parent=368912"}],"curies":[{"name":"wp","href":"https:\/\/api.w.org\/{rel}","templated":true}]}}